{"id":821,"date":"2008-06-17T09:36:18","date_gmt":"2008-06-17T08:36:18","guid":{"rendered":"https:\/\/www.cestanahoru.org\/?page_id=821"},"modified":"2012-01-26T20:03:08","modified_gmt":"2012-01-26T19:03:08","slug":"christian-bobin","status":"publish","type":"page","link":"https:\/\/www.cestanahoru.org\/?page_id=821","title":{"rendered":"Christian Bobin"},"content":{"rendered":"<p><a title=\"bobin\" href=\"https:\/\/www.cestanahoru.org\/wp-content\/bobin.jpg\"><img decoding=\"async\" src=\"https:\/\/www.cestanahoru.org\/wp-content\/bobin.thumbnail.jpg\" alt=\"bobin\" \/><\/a><br \/>\n<strong>Christian Bobin<\/strong> (*1951) je francouzsk\u00fd b\u00e1sn\u00edk a prozaik, v \u010cech\u00e1ch zat\u00edm prakticky nezn\u00e1m\u00fd. T\u00e9mata jeho knih s charakteristick\u00fdm \u00fatr\u017ekovit\u00fdm, minimalistick\u00fdm stylem jsou filozoficko-spiritu\u00e1ln\u00ed: samota, kontemplace, ml\u010den\u00ed, absence, existence \u010dlov\u011bka v \u010dase a \u017eivotn\u00edm prostoru, kter\u00fd je mu d\u00e1n, \u010distota, spo\u010dinut\u00ed v ml\u010denliv\u00e9 p\u0159\u00edtomnosti milovan\u00e9ho &#8230;<\/p>\n<p>Je autorem \u0159ady pr\u00f3z, zmi\u0148me alespo\u0148 n\u011bkolik titul\u016f: Osm\u00fd den v t\u00fddnu (1988), Z\u00e1zrak prostoty (1989), Tak pokorn\u00fd (1992, rom\u00e1n o Franti\u0161kovi z Assisi, v r. 1993 obdr\u017eel Velkou cenu katolick\u00e9 literatury), Odlou\u010den\u00ed od sv\u011bta (1993), Dej mi n\u011bco, co neum\u00edr\u00e1 (1996), Vst\u00e1t z mrtv\u00fdch (2001), MOzart a d\u00e9\u0161\u0165 (2002), V\u011bze\u0148 v kol\u00e9bce (2005), B\u00edl\u00e1 d\u00e1ma (2007).<\/p>\n<p>Dal\u0161\u00ed informace o jeho \u017eivot\u011b a d\u00edle viz nap\u0159. <a href=\"http:\/\/fr.wikipedia.org\/wiki\/Christian_Bobin\">Christian Bobin ve Wikipedii<\/a><\/p>\n<p>Na na\u0161ich str\u00e1nk\u00e1ch naleznete p\u0159elo\u017een\u00fd kr\u00e1tk\u00fd \u00faryvek o <a href=\"https:\/\/www.cestanahoru.org\/?p=660\">samot\u011b<\/a> z rozs\u00e1hlej\u0161\u00edho interview, a text <a href=\"https:\/\/www.cestanahoru.org\/?p=208\">Chv\u00e1la nicoty I.<\/a>, <a href=\"https:\/\/www.cestanahoru.org\/?p=211\">II.<\/a>, <a href=\"https:\/\/www.cestanahoru.org\/?p=219\">III.<\/a> z r. 1990.<\/p>\n<p>* * *<\/p>\n<p>Dovolujeme si zde p\u0159ilo\u017eit i dosud nep\u0159elo\u017een\u00fd \u00faryvek z pr\u00f3zy <em>L\u00b4equilibriste<\/em> (1998):<\/p>\n<ol>\n<ol>\u00ab C\u2019\u00e9tait un mardi, je crois. Je ne l\u2019avais jamais vu aussi radieux. J\u2019ai trouv\u00e9, me dit-il. J\u2019ai trouv\u00e9 ce que j\u2019attendais &#8211; enfin pas tout \u00e0 fait, mais j\u2019ai trouv\u00e9 un mot pour le dire. Vous ne devinerez jamais. J\u2019essayai pourtant : Dieu ? La mort ? L\u2019amour ? Pas du tout, r\u00e9pliqua-t-il. Vous cherchez du c\u00f4t\u00e9 du plus grand. C\u2019est une erreur sans doute in\u00e9vitable. Moi-m\u00eame je l\u2019ai commise jusqu\u2019\u00e0 ce matin. C\u2019est tellement plus simple : j\u2019attends le printemps.<\/ol>\n<\/ol>\n<p>Je dus avoir l\u2019air stupide. Il me pr\u00e9cisa sa r\u00e9ponse. Sa parole se pr\u00e9cipitait. Je la rapporte ici le plus fid\u00e8lement possible. C\u2019\u00e9tait une parole sans folie malgr\u00e9 les apparences. Je le sais. J\u2019ai d\u00e9j\u00e0 vu des fous. Ils peuvent \u00eatre calmes ou en col\u00e8re, bavards ou taciturnes. Ils ont tous en commun une tristesse noire. La parole que j\u2019entendais ce jour-l\u00e0 \u00e9tait pleine de lumi\u00e8re et gaiet\u00e9.<\/p>\n<p>Ce que j\u2019appelle le printemps, me dit-il, n\u2019est pas affaire de climat ou de saison. Certes, je ne suis pas insensible \u00e0 la r\u00e9surrection du mois de mai, \u00e0 cette candeur nouvelle de l\u2019air qui rend le coeur si rouge et les filles si moqueuses. Mais on peut toujours objecter que cette r\u00e9surrection sera bient\u00f4t suivie par un nouvel hiver, un goutte \u00e0 goutte de la mort froide. Les saisons sont rondes, b\u00e9gayantes. Ce que j\u2019appelle le printemps brise ce cercle-l\u00e0, comme tous les autres. Cela peut surgir au plus noir de l\u2019ann\u00e9e. C\u2019est m\u00eame une de ses caract\u00e9ristiques : quelque chose qui peut venir \u00e0 tout moment pour interrompre, briser &#8211; et au bout du compte d\u00e9livrer. \u00bb<\/p>\n","protected":false},"excerpt":{"rendered":"<p>Christian Bobin (*1951) je francouzsk\u00fd b\u00e1sn\u00edk a prozaik, v \u010cech\u00e1ch zat\u00edm prakticky nezn\u00e1m\u00fd. T\u00e9mata jeho knih s charakteristick\u00fdm \u00fatr\u017ekovit\u00fdm, minimalistick\u00fdm stylem jsou filozoficko-spiritu\u00e1ln\u00ed: samota, kontemplace, ml\u010den\u00ed, absence, existence \u010dlov\u011bka v \u010dase a \u017eivotn\u00edm prostoru, kter\u00fd je mu d\u00e1n, \u010distota, spo\u010dinut\u00ed v ml\u010denliv\u00e9 p\u0159\u00edtomnosti milovan\u00e9ho &#8230; Je autorem \u0159ady pr\u00f3z, zmi\u0148me alespo\u0148 n\u011bkolik titul\u016f: Osm\u00fd den [&hellip;]<\/p>\n","protected":false},"author":3,"featured_media":0,"parent":318,"menu_order":0,"comment_status":"open","ping_status":"open","template":"","meta":{"footnotes":""},"_links":{"self":[{"href":"https:\/\/www.cestanahoru.org\/index.php?rest_route=\/wp\/v2\/pages\/821"}],"collection":[{"href":"https:\/\/www.cestanahoru.org\/index.php?rest_route=\/wp\/v2\/pages"}],"about":[{"href":"https:\/\/www.cestanahoru.org\/index.php?rest_route=\/wp\/v2\/types\/page"}],"author":[{"embeddable":true,"href":"https:\/\/www.cestanahoru.org\/index.php?rest_route=\/wp\/v2\/users\/3"}],"replies":[{"embeddable":true,"href":"https:\/\/www.cestanahoru.org\/index.php?rest_route=%2Fwp%2Fv2%2Fcomments&post=821"}],"version-history":[{"count":1,"href":"https:\/\/www.cestanahoru.org\/index.php?rest_route=\/wp\/v2\/pages\/821\/revisions"}],"predecessor-version":[{"id":4294,"href":"https:\/\/www.cestanahoru.org\/index.php?rest_route=\/wp\/v2\/pages\/821\/revisions\/4294"}],"up":[{"embeddable":true,"href":"https:\/\/www.cestanahoru.org\/index.php?rest_route=\/wp\/v2\/pages\/318"}],"wp:attachment":[{"href":"https:\/\/www.cestanahoru.org\/index.php?rest_route=%2Fwp%2Fv2%2Fmedia&parent=821"}],"curies":[{"name":"wp","href":"https:\/\/api.w.org\/{rel}","templated":true}]}}